{"id":306,"date":"2024-01-09T11:31:05","date_gmt":"2024-01-09T09:31:05","guid":{"rendered":"https:\/\/wpdev.codr.run\/primus-personal-elektriker-pl\/"},"modified":"2024-04-24T09:59:48","modified_gmt":"2024-04-24T07:59:48","slug":"primus-personal-elektriker-pl","status":"publish","type":"page","link":"https:\/\/primus-personal.com\/pl\/primus-personal-elektriker-pl\/","title":{"rendered":"Primus Personal &#8211; Elektriker &#8211; PL"},"content":{"rendered":"<p>[et_pb_section fb_built=&#8221;1&#8243; admin_label=&#8221;Image&#8221; _builder_version=&#8221;4.19.2&#8243; _module_preset=&#8221;default&#8221; background_color=&#8221;#4449E0&#8243; use_background_color_gradient=&#8221;on&#8221; background_color_gradient_stops=&#8221;#4449e0 50%|#f8fafb 50%&#8221; custom_padding=&#8221;||||false|false&#8221; collapsed=&#8221;on&#8221; global_colors_info=&#8221;{}&#8221;][et_pb_row _builder_version=&#8221;4.24.2&#8243; _module_preset=&#8221;default&#8221; custom_margin=&#8221;||25px||false|false&#8221; custom_padding=&#8221;0px||0px||true|false&#8221; global_colors_info=&#8221;{}&#8221;][et_pb_column type=&#8221;4_4&#8243; _builder_version=&#8221;4.19.2&#8243; _module_preset=&#8221;default&#8221; global_colors_info=&#8221;{}&#8221;][et_pb_text _builder_version=&#8221;4.24.0&#8243; _module_preset=&#8221;adf8c1fd-619d-48c2-9669-4490fe93375c&#8221; header_font=&#8221;|800|||||||&#8221; header_text_color=&#8221;#FFFFFF&#8221; header_font_size=&#8221;76px&#8221; header_letter_spacing=&#8221;2px&#8221; custom_margin=&#8221;||10px||false|false&#8221; global_colors_info=&#8221;{}&#8221;]<\/p>\n<h1>ELEKTRYK (m\/w\/d)<\/h1>\n<p>[\/et_pb_text][\/et_pb_column][\/et_pb_row][et_pb_row custom_padding_last_edited=&#8221;off|desktop&#8221; _builder_version=&#8221;4.24.2&#8243; _module_preset=&#8221;default&#8221; max_height=&#8221;380px&#8221; custom_padding=&#8221;0px||0px||true|false&#8221; custom_padding_tablet=&#8221;30px|30px|30px|30px|true|true&#8221; custom_padding_phone=&#8221;20px|20px|20px|20px|true|true&#8221; border_radii=&#8221;on|15px|15px|15px|15px&#8221; border_width_all=&#8221;20px&#8221; border_color_all=&#8221;#FFFFFF&#8221; global_colors_info=&#8221;{}&#8221;][et_pb_column type=&#8221;4_4&#8243; _builder_version=&#8221;4.19.2&#8243; _module_preset=&#8221;default&#8221; global_colors_info=&#8221;{}&#8221;][et_pb_image src=&#8221;https:\/\/wpdev.codr.run\/wp-content\/uploads\/2024\/03\/primus-personal-montage-elektriker.webp&#8221; alt=&#8221;primus-personal-montage-elektriker&#8221; title_text=&#8221;primus-personal-montage-elektriker&#8221; align=&#8221;center&#8221; _builder_version=&#8221;4.24.2&#8243; _module_preset=&#8221;default&#8221; global_colors_info=&#8221;{}&#8221;][\/et_pb_image][\/et_pb_column][\/et_pb_row][\/et_pb_section][et_pb_section fb_built=&#8221;1&#8243; background_color_2=&#8221;#FFFFFF&#8221; padding_top_2=&#8221;30px&#8221; padding_right_2=&#8221;30px&#8221; padding_bottom_2=&#8221;30px&#8221; padding_left_2=&#8221;30px&#8221; padding_top_bottom_link_2=&#8221;true&#8221; padding_left_right_link_2=&#8221;true&#8221; _builder_version=&#8221;4.19.2&#8243; _module_preset=&#8221;default&#8221; background_color=&#8221;#F8FAFB&#8221; custom_padding=&#8221;0px|||||&#8221; global_colors_info=&#8221;{}&#8221;][et_pb_row _builder_version=&#8221;4.19.2&#8243; _module_preset=&#8221;default&#8221; global_colors_info=&#8221;{}&#8221;][et_pb_column type=&#8221;4_4&#8243; _builder_version=&#8221;4.19.2&#8243; _module_preset=&#8221;default&#8221; global_colors_info=&#8221;{}&#8221;][et_pb_text _builder_version=&#8221;4.24.0&#8243; _module_preset=&#8221;1d1e3697-f6e2-4da8-94c1-7c4e7b02d5c0&#8243; header_2_font=&#8221;|800|||||||&#8221; header_2_font_size=&#8221;50px&#8221; header_2_letter_spacing=&#8221;1px&#8221; custom_margin=&#8221;||10px||false|false&#8221; header_2_font_size_tablet=&#8221;44px&#8221; header_2_font_size_phone=&#8221;32px&#8221; header_2_font_size_last_edited=&#8221;on|tablet&#8221; locked=&#8221;off&#8221; global_colors_info=&#8221;{}&#8221;]<\/p>\n<h2>Opis pracy<\/h2>\n<p>[\/et_pb_text][et_pb_text _builder_version=&#8221;4.24.2&#8243; _module_preset=&#8221;5b5718bb-1682-4475-8964-a39a950a320e&#8221; text_font_size=&#8221;20px&#8221; locked=&#8221;off&#8221; global_colors_info=&#8221;{}&#8221;]<\/p>\n<p><strong>W celu wzmocnienia naszego zespo\u0142u szukamy w\u0142a\u015bnie Ciebie na stanowisku: Elektryk<\/strong><\/p>\n<p>[\/et_pb_text][\/et_pb_column][\/et_pb_row][et_pb_row _builder_version=&#8221;4.19.2&#8243; _module_preset=&#8221;default&#8221; global_colors_info=&#8221;{}&#8221;][et_pb_column type=&#8221;4_4&#8243; _builder_version=&#8221;4.19.2&#8243; _module_preset=&#8221;default&#8221; global_colors_info=&#8221;{}&#8221;][et_pb_text _builder_version=&#8221;4.24.2&#8243; _module_preset=&#8221;5b5718bb-1682-4475-8964-a39a950a320e&#8221; text_font_size=&#8221;18px&#8221; custom_padding=&#8221;1px|||||&#8221; locked=&#8221;off&#8221; global_colors_info=&#8221;{}&#8221;]<\/p>\n<p><strong>Miejsce pracy:<\/strong> r\u00f3\u017cne lokalizacje na terenie Niemiec<br \/><strong>Niemiecka umowa<\/strong> o prace na czas okre\u015blony \/ nieokre\u015blony<br \/><strong>Czas:<\/strong> od zaraz<\/p>\n<ul>\n<li>Stawka na start od 13,95 EUR &#8211; 15,00 EUR brutto<\/li>\n<li>Dieta: 56 &#8211; 80 EUR dziennie<\/li>\n<li>Dodatek za nadgodziny<\/li>\n<li>Premia \u015bwi\u0105teczna do 500 EUR w zale\u017cno\u015bci od czasu zatrudnienia<\/li>\n<li>250 EUR bonusu za polecenie nowego pracownika<\/li>\n<li>Darmowe ubranie robocze oraz narz\u0119dzia<\/li>\n<li>Mo\u017cliwo\u015b\u0107 przej\u0119cia bezpo\u015brednio przez klienta<\/li>\n<\/ul>\n<p>[\/et_pb_text][\/et_pb_column][\/et_pb_row][et_pb_row column_structure=&#8221;3_4,1_4&#8243; _builder_version=&#8221;4.23.4&#8243; _module_preset=&#8221;default&#8221; background_enable_color=&#8221;off&#8221; custom_padding=&#8221;||||true|true&#8221; global_colors_info=&#8221;{}&#8221;][et_pb_column type=&#8221;3_4&#8243; _builder_version=&#8221;4.19.2&#8243; _module_preset=&#8221;default&#8221; global_colors_info=&#8221;{}&#8221;][et_pb_text _builder_version=&#8221;4.24.2&#8243; _module_preset=&#8221;9aa401d7-dec6-44bd-87e7-11a08e87f48a&#8221; header_3_font=&#8221;|600|||||||&#8221; header_3_text_align=&#8221;left&#8221; header_3_font_size=&#8221;36px&#8221; text_orientation=&#8221;center&#8221; custom_margin=&#8221;||0px||false|false&#8221; header_3_font_size_tablet=&#8221;30px&#8221; header_3_font_size_phone=&#8221;26px&#8221; header_3_font_size_last_edited=&#8221;on|phone&#8221; locked=&#8221;off&#8221; global_colors_info=&#8221;{}&#8221;]<\/p>\n<h3>Wype\u0142nij formularz i zacznij prace z nami<\/h3>\n<p>[\/et_pb_text][et_pb_code _builder_version=&#8221;4.25.0&#8243; _module_preset=&#8221;default&#8221; background_color=&#8221;#FFFFFF&#8221; custom_margin=&#8221;10px||||false|false&#8221; custom_padding=&#8221;30px|30px|5px|30px|false|true&#8221; custom_padding_tablet=&#8221;5px||||false|true&#8221; custom_padding_phone=&#8221;0px|5px||5px|false|true&#8221; custom_padding_last_edited=&#8221;on|phone&#8221; hover_enabled=&#8221;0&#8243; border_radii=&#8221;on|15px|15px|15px|15px&#8221; global_colors_info=&#8221;{}&#8221; sticky_enabled=&#8221;0&#8243;]\n<div class=\"wpcf7 no-js\" id=\"wpcf7-f252-o1\" lang=\"de-DE\" dir=\"ltr\" data-wpcf7-id=\"252\">\n<div class=\"screen-reader-response\"><p role=\"status\" aria-live=\"polite\" aria-atomic=\"true\"><\/p> <ul><\/ul><\/div>\n<form action=\"\/pl\/wp-json\/wp\/v2\/pages\/306#wpcf7-f252-o1\" method=\"post\" class=\"wpcf7-form init\" aria-label=\"Kontaktformular\" enctype=\"multipart\/form-data\" novalidate=\"novalidate\" data-status=\"init\">\n<div style=\"display: none;\">\n<input type=\"hidden\" name=\"_wpcf7\" value=\"252\" \/>\n<input type=\"hidden\" name=\"_wpcf7_version\" value=\"6.0.5\" \/>\n<input type=\"hidden\" name=\"_wpcf7_locale\" value=\"de_DE\" \/>\n<input type=\"hidden\" name=\"_wpcf7_unit_tag\" value=\"wpcf7-f252-o1\" \/>\n<input type=\"hidden\" name=\"_wpcf7_container_post\" value=\"0\" \/>\n<input type=\"hidden\" name=\"_wpcf7_posted_data_hash\" value=\"\" \/>\n<input type=\"hidden\" name=\"_wpcf7dtx_version\" value=\"5.0.3\" \/>\n<\/div>\n<div id=\"responsive-form\" class=\"clearfix\">\n\t<p><span id=\"wpcf7-69f5f1fe683b7-wrapper\" class=\"wpcf7-form-control-wrap title-wrap\" style=\"display:none !important; visibility:hidden !important;\"><label for=\"wpcf7-69f5f1fe683b7-field\" class=\"hp-message\">Bitte lasse dieses Feld leer.<\/label><input id=\"wpcf7-69f5f1fe683b7-field\"  class=\"wpcf7-form-control wpcf7-text\" type=\"text\" name=\"title\" value=\"\" size=\"40\" tabindex=\"-1\" autocomplete=\"new-password\" \/><\/span><br \/>\n\t<span class=\"wpcf7-form-control-wrap hidden-job-position\" data-name=\"hidden-job-position\"><input type=\"hidden\" name=\"hidden-job-position\" class=\"wpcf7-form-control wpcf7-hidden wpcf7dtx wpcf7dtx-hidden\" aria-invalid=\"false\" value=\"Primus Personal - Elektriker - PL\"><\/span>\n\t<\/p>\n\t<div class=\"form-row\">\n\t\t<div class=\"column-full\">\n\t\t\t<p><b>Zwrot<\/b><br \/>\n<span class=\"wpcf7-form-control-wrap\" data-name=\"anrede\"><span class=\"wpcf7-form-control wpcf7-radio\"><span class=\"wpcf7-list-item first\"><label><input type=\"radio\" name=\"anrede\" value=\"Pani\" \/><span class=\"wpcf7-list-item-label\">Pani<\/span><\/label><\/span><span class=\"wpcf7-list-item\"><label><input type=\"radio\" name=\"anrede\" value=\"Pan\" \/><span class=\"wpcf7-list-item-label\">Pan<\/span><\/label><\/span><span class=\"wpcf7-list-item last\"><label><input type=\"radio\" name=\"anrede\" value=\"Divers\" \/><span class=\"wpcf7-list-item-label\">Divers<\/span><\/label><\/span><\/span><\/span>\n\t\t\t<\/p>\n\t\t<\/div>\n\t<\/div>\n\t<div class=\"form-row\">\n\t\t<div class=\"column-half\">\n\t\t\t<p><label> <b>Imi\u0119*<\/b><br \/>\n<span class=\"wpcf7-form-control-wrap\" data-name=\"vorname\"><input size=\"40\" maxlength=\"400\" class=\"wpcf7-form-control wpcf7-text wpcf7-validates-as-required\" aria-required=\"true\" aria-invalid=\"false\" value=\"\" type=\"text\" name=\"vorname\" \/><\/span> <\/label>\n\t\t\t<\/p>\n\t\t<\/div>\n\t\t<div class=\"column-half\">\n\t\t\t<p><label> <b>Nazwisko*<\/b><br \/>\n<span class=\"wpcf7-form-control-wrap\" data-name=\"nachname\"><input size=\"40\" maxlength=\"400\" class=\"wpcf7-form-control wpcf7-text wpcf7-validates-as-required\" aria-required=\"true\" aria-invalid=\"false\" value=\"\" type=\"text\" name=\"nachname\" \/><\/span> <\/label>\n\t\t\t<\/p>\n\t\t<\/div>\n\t<\/div>\n\t<div class=\"form-row\">\n\t\t<div class=\"column-half\">\n\t\t\t<p><label> <b>Telefon<\/b><br \/>\n<span class=\"wpcf7-form-control-wrap\" data-name=\"telefon\"><input size=\"40\" maxlength=\"400\" class=\"wpcf7-form-control wpcf7-tel wpcf7-text wpcf7-validates-as-tel\" aria-invalid=\"false\" value=\"\" type=\"tel\" name=\"telefon\" \/><\/span> <\/label>\n\t\t\t<\/p>\n\t\t<\/div>\n\t\t<div class=\"column-half\">\n\t\t\t<p><label> <b>Adres e-mail*<\/b><br \/>\n<span class=\"wpcf7-form-control-wrap\" data-name=\"emailadr\"><input size=\"40\" maxlength=\"400\" class=\"wpcf7-form-control wpcf7-email wpcf7-validates-as-required wpcf7-text wpcf7-validates-as-email\" aria-required=\"true\" aria-invalid=\"false\" value=\"\" type=\"email\" name=\"emailadr\" \/><\/span> <\/label>\n\t\t\t<\/p>\n\t\t<\/div>\n\t<\/div>\n\t<div class=\"form-row\">\n\t\t<div class=\"column-full\">\n\t\t\t<p><label> <b>Masz jakie\u015b uwagi?<\/b><br \/>\n<span class=\"wpcf7-form-control-wrap\" data-name=\"mitteilung\"><textarea cols=\"40\" rows=\"10\" maxlength=\"2000\" class=\"wpcf7-form-control wpcf7-textarea\" aria-invalid=\"false\" name=\"mitteilung\"><\/textarea><\/span> <\/label>\n\t\t\t<\/p>\n\t\t<\/div>\n\t<\/div>\n\t<div class=\"form-row\">\n\t\t<div class=\"column-full\">\n\t\t\t<p><label> <b>Za\u0142\u0105czniki<\/b><span class=\"desc-text\">doc, docx, odt, ppt, pdf, jpg, jpeg, png - Maksymalny rozmiar: 25 MB<\/span><br \/>\n<div id=\"mfcf7_zl_multifilecontainer\"><span class=\"mfcf7-zl-multiline-sample\" style=\"display:none\"><p class=\"wpcf7-form-control-wrap upload-file\"><input size=\"40\" class=\"wpcf7-form-control wpcf7-multilinefile\" multiple=\"multiple\" value=\"Za\u0142\u0105cz pliki\" aria-invalid=\"false\" type=\"file\" name=\"upload-file[]\" \/> <span class=\"mfcf7-zl-multifile-name\"><\/span><a href=\"javascript:void(0);\" class=\"mfcf7_zl_delete_file\"><span class=\"delete-file\" aria-hidden=\"true\">&#x274C;<\/span><\/a><\/p><\/span><\/div><span class=\"wpcf7-form-control-wrap zl-form-control-wrap upload-file\"><input size=\"40\" class=\"wpcf7-form-control wpcf7-multilinefile\" multiple=\"multiple\" value=\"Za\u0142\u0105cz pliki\" aria-invalid=\"false\" type=\"file\" name=\"upload-file[]\" \/> <span class=\"mfcf7-zl-multifile-name\"><\/span><a href=\"javascript:void(0);\" class=\"mfcf7_zl_delete_file\"><span class=\"delete-file\" aria-hidden=\"true\">&#x274C;<\/span><\/a><\/span><p><label><span class=\"wpcf7-form-control-wrap\" data-name=\"upload-file-zl-mfcf7-upld-btn\"><input type=\"button\" name=\"upload-file-zl-mfcf7-upld-btn\" class=\"button button-primary qbutton\" id=\"mfcf7_zl_add_file\" value=\"Za\u0142\u0105cz pliki\"><\/span><\/label><\/p><\/label>\n\t\t\t<\/p>\n\t\t<\/div>\n\t<\/div>\n\t<div class=\"form-row\">\n\t\t<div class=\"column-full\">\n\t\t\t<p><span class=\"wpcf7-form-control-wrap\" data-name=\"daten3rd\"><span class=\"wpcf7-form-control wpcf7-checkbox wpcf7-validates-as-required\"><span class=\"wpcf7-list-item first last\"><label><input type=\"checkbox\" name=\"daten3rd[]\" value=\"Wyra\u017cam zgod\u0119 na przekazywanie przez Primus Personal moich dokument\u00f3w aplikacyjnych potencjalnym przysz\u0142ym pracodawcom lub klientom\/zainteresowanym osobom trzecim w celu rekrutacji lub wynajmu pracownik\u00f3w.*\" \/><span class=\"wpcf7-list-item-label\">Wyra\u017cam zgod\u0119 na przekazywanie przez Primus Personal moich dokument\u00f3w aplikacyjnych potencjalnym przysz\u0142ym pracodawcom lub klientom\/zainteresowanym osobom trzecim w celu rekrutacji lub wynajmu pracownik\u00f3w.*<\/span><\/label><\/span><\/span><\/span>\n\t\t\t<\/p>\n\t\t<\/div>\n\t<\/div>\n\t<div class=\"form-row\">\n\t\t<div class=\"column-full\">\n\t\t\t<p><span class=\"wpcf7-form-control-wrap\" data-name=\"datenschutz\"><span class=\"wpcf7-form-control wpcf7-checkbox wpcf7-validates-as-required\"><span class=\"wpcf7-list-item first last\"><label><input type=\"checkbox\" name=\"datenschutz[]\" value=\"Tak, zapozna\u0142em si\u0119 z informacjami o ochronie danych oraz warunkami u\u017cytkowania i zgadzam si\u0119 z nimi.*\" \/><span class=\"wpcf7-list-item-label\">Tak, zapozna\u0142em si\u0119 z informacjami o ochronie danych oraz warunkami u\u017cytkowania i zgadzam si\u0119 z nimi.*<\/span><\/label><\/span><\/span><\/span><br \/>\n<span class=\"desc-text-agb\"><a href=\"https:\/\/www.primus-personal.de\/datenschutz.html\" target=\"_blank\">Ochrona danych<\/a> i <a href=\"https:\/\/www.primus-personal.de\/agb.html\" target=\"_blank\">Warunki korzystania<\/a><\/span>\n\t\t\t<\/p>\n\t\t<\/div>\n\t<\/div>\n\t<div class=\"form-row\">\n\t\t<div class=\"column-full right\">\n\t\t\t<p><input class=\"wpcf7-form-control wpcf7-submit has-spinner icon-submit-button\" type=\"submit\" value=\"Wy\u015blij\" \/>\n\t\t\t<\/p>\n\t\t<\/div>\n\t<\/div>\n\t<p><span class=\"desc-text\">* Pole obowi\u0105zkowe<\/span>\n\t<\/p>\n<\/div><div class=\"wpcf7-response-output\" aria-hidden=\"true\"><\/div>\n<\/form>\n<\/div>\n[\/et_pb_code][\/et_pb_column][et_pb_column type=&#8221;1_4&#8243; _builder_version=&#8221;4.19.2&#8243; _module_preset=&#8221;default&#8221; global_colors_info=&#8221;{}&#8221;][\/et_pb_column][\/et_pb_row][\/et_pb_section][et_pb_section fb_built=&#8221;1&#8243; admin_label=&#8221;Footer&#8221; _builder_version=&#8221;4.19.2&#8243; _module_preset=&#8221;default&#8221; background_color=&#8221;#1F2228&#8243; custom_padding=&#8221;||40px|||&#8221; saved_tabs=&#8221;all&#8221; collapsed=&#8221;on&#8221; global_colors_info=&#8221;{}&#8221;][et_pb_row column_structure=&#8221;1_3,1_3,1_3&#8243; _builder_version=&#8221;4.19.2&#8243; _module_preset=&#8221;default&#8221; border_color_all=&#8221;rgba(255,255,255,0.3)&#8221; border_width_top=&#8221;1px&#8221; global_colors_info=&#8221;{}&#8221;][et_pb_column type=&#8221;1_3&#8243; _builder_version=&#8221;4.19.2&#8243; _module_preset=&#8221;default&#8221; global_colors_info=&#8221;{}&#8221;][et_pb_image src=&#8221;https:\/\/wpdev.codr.run\/wp-content\/uploads\/2024\/01\/Primus_Signatur_20_Jahre_4c.png&#8221; title_text=&#8221;Primus_Signatur_20_Jahre_4c&#8221; align_tablet=&#8221;center&#8221; align_phone=&#8221;&#8221; align_last_edited=&#8221;on|tablet&#8221; _builder_version=&#8221;4.23.4&#8243; _module_preset=&#8221;default&#8221; global_colors_info=&#8221;{}&#8221;][\/et_pb_image][\/et_pb_column][et_pb_column type=&#8221;1_3&#8243; _builder_version=&#8221;4.19.2&#8243; _module_preset=&#8221;default&#8221; custom_padding=&#8221;1vw||||false|false&#8221; custom_padding_tablet=&#8221;0vw||||false|false&#8221; custom_padding_phone=&#8221;&#8221; custom_padding_last_edited=&#8221;on|tablet&#8221; global_colors_info=&#8221;{}&#8221;][\/et_pb_column][et_pb_column type=&#8221;1_3&#8243; _builder_version=&#8221;4.19.2&#8243; _module_preset=&#8221;default&#8221; global_colors_info=&#8221;{}&#8221;][et_pb_text _builder_version=&#8221;4.25.0&#8243; _module_preset=&#8221;3f5ae1b6-f800-488c-ba6d-3535eb5f817c&#8221; link_font=&#8221;Roboto||||||||&#8221; link_text_color=&#8221;rgba(255,255,255,0.7)&#8221; header_6_text_color=&#8221;rgba(255,255,255,0.7)&#8221; text_orientation=&#8221;center&#8221; global_colors_info=&#8221;{}&#8221;]<\/p>\n<h6 style=\"text-align: right;\"><a href=\"\/\">Jobs<\/a><br \/>\n<a href=\"https:\/\/www.primus-personal.de\/kontakt.html\" target=\"_blank\" rel=\"noopener\">Kontakt<\/a><\/h6>\n<h6 style=\"text-align: right;\"><a href=\"https:\/\/www.primus-personal.de\/impressum.html\" target=\"_blank\" rel=\"noopener\">Impressum<\/a><br \/>\n<a href=\"https:\/\/www.primus-personal.de\/datenschutz.html\" target=\"_blank\" rel=\"noopener\">Datenschutz<\/a><br \/>\n<a href=\"https:\/\/www.primus-personal.de\/agb.html\" target=\"_blank\" rel=\"noopener\">AGB<\/a><\/h6>\n<p>[\/et_pb_text][\/et_pb_column][\/et_pb_row][et_pb_row _builder_version=&#8221;4.25.0&#8243; _module_preset=&#8221;default&#8221; custom_margin=&#8221;0px||0px||false|false&#8221; custom_padding=&#8221;10px||0px||false|false&#8221; global_colors_info=&#8221;{}&#8221;][et_pb_column type=&#8221;4_4&#8243; _builder_version=&#8221;4.25.0&#8243; _module_preset=&#8221;default&#8221; global_colors_info=&#8221;{}&#8221;][et_pb_text _builder_version=&#8221;4.25.0&#8243; _module_preset=&#8221;default&#8221; text_font=&#8221;Poppins||||||||&#8221; text_text_color=&#8221;#848484&#8243; text_font_size=&#8221;11px&#8221; text_orientation=&#8221;right&#8221; custom_css_free_form=&#8221;selector a {color:#848484;}||selector a:hover {text-decoration:underline;}&#8221; global_colors_info=&#8221;{}&#8221; text_text_color__hover_enabled=&#8221;off|desktop&#8221;]dev by <a href=\"https:\/\/codr.run\/\" target=\"_blank\" rel=\"noopener\">codr.run<\/a>[\/et_pb_text][\/et_pb_column][\/et_pb_row][\/et_pb_section]<\/p>\n","protected":false},"excerpt":{"rendered":"<p>ELEKTRYK (m\/w\/d)Opis pracyW celu wzmocnienia naszego zespo\u0142u szukamy w\u0142a\u015bnie Ciebie na stanowisku: ElektrykMiejsce pracy: r\u00f3\u017cne lokalizacje na terenie NiemiecNiemiecka umowa o prace na czas okre\u015blony \/ nieokre\u015blonyCzas: od zaraz Stawka na start od 13,95 EUR &#8211; 15,00 EUR brutto Dieta: 56 &#8211; 80 EUR dziennie Dodatek za nadgodziny Premia \u015bwi\u0105teczna do 500 EUR w zale\u017cno\u015bci [&hellip;]<\/p>\n","protected":false},"author":2,"featured_media":0,"parent":0,"menu_order":0,"comment_status":"closed","ping_status":"closed","template":"","meta":{"_et_pb_use_builder":"on","_et_pb_old_content":"","_et_gb_content_width":"","footnotes":""},"class_list":["post-306","page","type-page","status-publish","hentry"],"yoast_head":"<!-- This site is optimized with the Yoast SEO plugin v24.8.1 - https:\/\/yoast.com\/wordpress\/plugins\/seo\/ -->\n<title>Primus Personal - Elektriker - PL - PRIMUS Personal<\/title>\n<meta name=\"robots\" content=\"index, follow, max-snippet:-1, max-image-preview:large, max-video-preview:-1\" \/>\n<link rel=\"canonical\" href=\"https:\/\/primus-personal.com\/primus-personal-elektriker\/\" \/>\n<meta property=\"og:locale\" content=\"pl_PL\" \/>\n<meta property=\"og:type\" content=\"article\" \/>\n<meta property=\"og:title\" content=\"Primus Personal - Elektriker - PL - PRIMUS Personal\" \/>\n<meta property=\"og:description\" content=\"ELEKTRYK (m\/w\/d)Opis pracyW celu wzmocnienia naszego zespo\u0142u szukamy w\u0142a\u015bnie Ciebie na stanowisku: ElektrykMiejsce pracy: r\u00f3\u017cne lokalizacje na terenie NiemiecNiemiecka umowa o prace na czas okre\u015blony \/ nieokre\u015blonyCzas: od zaraz Stawka na start od 13,95 EUR - 15,00 EUR brutto Dieta: 56 - 80 EUR dziennie Dodatek za nadgodziny Premia \u015bwi\u0105teczna do 500 EUR w zale\u017cno\u015bci [&hellip;]\" \/>\n<meta property=\"og:url\" content=\"https:\/\/primus-personal.com\/primus-personal-elektriker\/\" \/>\n<meta property=\"og:site_name\" content=\"PRIMUS Personal\" \/>\n<meta property=\"article:publisher\" content=\"https:\/\/www.facebook.com\/Primus-Personal-203430773022785\" \/>\n<meta property=\"article:modified_time\" content=\"2024-04-24T07:59:48+00:00\" \/>\n<meta name=\"twitter:card\" content=\"summary_large_image\" \/>\n<meta name=\"twitter:label1\" content=\"Szacowany czas czytania\" \/>\n\t<meta name=\"twitter:data1\" content=\"5 minut\" \/>\n<script type=\"application\/ld+json\" class=\"yoast-schema-graph\">{\"@context\":\"https:\/\/schema.org\",\"@graph\":[{\"@type\":\"WebPage\",\"@id\":\"https:\/\/primus-personal.com\/primus-personal-elektriker\/\",\"url\":\"https:\/\/primus-personal.com\/primus-personal-elektriker\/\",\"name\":\"Primus Personal - Elektriker - PL - PRIMUS Personal\",\"isPartOf\":{\"@id\":\"https:\/\/primus-personal.com\/#website\"},\"datePublished\":\"2024-01-09T09:31:05+00:00\",\"dateModified\":\"2024-04-24T07:59:48+00:00\",\"breadcrumb\":{\"@id\":\"https:\/\/primus-personal.com\/primus-personal-elektriker\/#breadcrumb\"},\"inLanguage\":\"pl-PL\",\"potentialAction\":[{\"@type\":\"ReadAction\",\"target\":[\"https:\/\/primus-personal.com\/primus-personal-elektriker\/\"]}]},{\"@type\":\"BreadcrumbList\",\"@id\":\"https:\/\/primus-personal.com\/primus-personal-elektriker\/#breadcrumb\",\"itemListElement\":[{\"@type\":\"ListItem\",\"position\":1,\"name\":\"Startseite\",\"item\":\"https:\/\/primus-personal.com\/\"},{\"@type\":\"ListItem\",\"position\":2,\"name\":\"Primus Personal &#8211; Elektriker &#8211; PL\"}]},{\"@type\":\"WebSite\",\"@id\":\"https:\/\/primus-personal.com\/#website\",\"url\":\"https:\/\/primus-personal.com\/\",\"name\":\"PRIMUS Personal\",\"description\":\"MONTAGE\",\"publisher\":{\"@id\":\"https:\/\/primus-personal.com\/#organization\"},\"potentialAction\":[{\"@type\":\"SearchAction\",\"target\":{\"@type\":\"EntryPoint\",\"urlTemplate\":\"https:\/\/primus-personal.com\/?s={search_term_string}\"},\"query-input\":{\"@type\":\"PropertyValueSpecification\",\"valueRequired\":true,\"valueName\":\"search_term_string\"}}],\"inLanguage\":\"pl-PL\"},{\"@type\":\"Organization\",\"@id\":\"https:\/\/primus-personal.com\/#organization\",\"name\":\"PRIMUS Personal\",\"url\":\"https:\/\/primus-personal.com\/\",\"logo\":{\"@type\":\"ImageObject\",\"inLanguage\":\"pl-PL\",\"@id\":\"https:\/\/primus-personal.com\/#\/schema\/logo\/image\/\",\"url\":\"https:\/\/primus-personal.com\/wp-content\/uploads\/2024\/01\/Primus_Signatur_20_Jahre_4c.png\",\"contentUrl\":\"https:\/\/primus-personal.com\/wp-content\/uploads\/2024\/01\/Primus_Signatur_20_Jahre_4c.png\",\"width\":891,\"height\":277,\"caption\":\"PRIMUS Personal\"},\"image\":{\"@id\":\"https:\/\/primus-personal.com\/#\/schema\/logo\/image\/\"},\"sameAs\":[\"https:\/\/www.facebook.com\/Primus-Personal-203430773022785\",\"https:\/\/www.xing.com\/companies\/primuspersonaldienstleistungengmbh\"]}]}<\/script>\n<!-- \/ Yoast SEO plugin. -->","yoast_head_json":{"title":"Primus Personal - Elektriker - PL - PRIMUS Personal","robots":{"index":"index","follow":"follow","max-snippet":"max-snippet:-1","max-image-preview":"max-image-preview:large","max-video-preview":"max-video-preview:-1"},"canonical":"https:\/\/primus-personal.com\/primus-personal-elektriker\/","og_locale":"pl_PL","og_type":"article","og_title":"Primus Personal - Elektriker - PL - PRIMUS Personal","og_description":"ELEKTRYK (m\/w\/d)Opis pracyW celu wzmocnienia naszego zespo\u0142u szukamy w\u0142a\u015bnie Ciebie na stanowisku: ElektrykMiejsce pracy: r\u00f3\u017cne lokalizacje na terenie NiemiecNiemiecka umowa o prace na czas okre\u015blony \/ nieokre\u015blonyCzas: od zaraz Stawka na start od 13,95 EUR - 15,00 EUR brutto Dieta: 56 - 80 EUR dziennie Dodatek za nadgodziny Premia \u015bwi\u0105teczna do 500 EUR w zale\u017cno\u015bci [&hellip;]","og_url":"https:\/\/primus-personal.com\/primus-personal-elektriker\/","og_site_name":"PRIMUS Personal","article_publisher":"https:\/\/www.facebook.com\/Primus-Personal-203430773022785","article_modified_time":"2024-04-24T07:59:48+00:00","twitter_card":"summary_large_image","twitter_misc":{"Szacowany czas czytania":"5 minut"},"schema":{"@context":"https:\/\/schema.org","@graph":[{"@type":"WebPage","@id":"https:\/\/primus-personal.com\/primus-personal-elektriker\/","url":"https:\/\/primus-personal.com\/primus-personal-elektriker\/","name":"Primus Personal - Elektriker - PL - PRIMUS Personal","isPartOf":{"@id":"https:\/\/primus-personal.com\/#website"},"datePublished":"2024-01-09T09:31:05+00:00","dateModified":"2024-04-24T07:59:48+00:00","breadcrumb":{"@id":"https:\/\/primus-personal.com\/primus-personal-elektriker\/#breadcrumb"},"inLanguage":"pl-PL","potentialAction":[{"@type":"ReadAction","target":["https:\/\/primus-personal.com\/primus-personal-elektriker\/"]}]},{"@type":"BreadcrumbList","@id":"https:\/\/primus-personal.com\/primus-personal-elektriker\/#breadcrumb","itemListElement":[{"@type":"ListItem","position":1,"name":"Startseite","item":"https:\/\/primus-personal.com\/"},{"@type":"ListItem","position":2,"name":"Primus Personal &#8211; Elektriker &#8211; PL"}]},{"@type":"WebSite","@id":"https:\/\/primus-personal.com\/#website","url":"https:\/\/primus-personal.com\/","name":"PRIMUS Personal","description":"MONTAGE","publisher":{"@id":"https:\/\/primus-personal.com\/#organization"},"potentialAction":[{"@type":"SearchAction","target":{"@type":"EntryPoint","urlTemplate":"https:\/\/primus-personal.com\/?s={search_term_string}"},"query-input":{"@type":"PropertyValueSpecification","valueRequired":true,"valueName":"search_term_string"}}],"inLanguage":"pl-PL"},{"@type":"Organization","@id":"https:\/\/primus-personal.com\/#organization","name":"PRIMUS Personal","url":"https:\/\/primus-personal.com\/","logo":{"@type":"ImageObject","inLanguage":"pl-PL","@id":"https:\/\/primus-personal.com\/#\/schema\/logo\/image\/","url":"https:\/\/primus-personal.com\/wp-content\/uploads\/2024\/01\/Primus_Signatur_20_Jahre_4c.png","contentUrl":"https:\/\/primus-personal.com\/wp-content\/uploads\/2024\/01\/Primus_Signatur_20_Jahre_4c.png","width":891,"height":277,"caption":"PRIMUS Personal"},"image":{"@id":"https:\/\/primus-personal.com\/#\/schema\/logo\/image\/"},"sameAs":["https:\/\/www.facebook.com\/Primus-Personal-203430773022785","https:\/\/www.xing.com\/companies\/primuspersonaldienstleistungengmbh"]}]}},"_links":{"self":[{"href":"https:\/\/primus-personal.com\/pl\/wp-json\/wp\/v2\/pages\/306","targetHints":{"allow":["GET"]}}],"collection":[{"href":"https:\/\/primus-personal.com\/pl\/wp-json\/wp\/v2\/pages"}],"about":[{"href":"https:\/\/primus-personal.com\/pl\/wp-json\/wp\/v2\/types\/page"}],"author":[{"embeddable":true,"href":"https:\/\/primus-personal.com\/pl\/wp-json\/wp\/v2\/users\/2"}],"replies":[{"embeddable":true,"href":"https:\/\/primus-personal.com\/pl\/wp-json\/wp\/v2\/comments?post=306"}],"version-history":[{"count":13,"href":"https:\/\/primus-personal.com\/pl\/wp-json\/wp\/v2\/pages\/306\/revisions"}],"predecessor-version":[{"id":434,"href":"https:\/\/primus-personal.com\/pl\/wp-json\/wp\/v2\/pages\/306\/revisions\/434"}],"wp:attachment":[{"href":"https:\/\/primus-personal.com\/pl\/wp-json\/wp\/v2\/media?parent=306"}],"curies":[{"name":"wp","href":"https:\/\/api.w.org\/{rel}","templated":true}]}}